{"id":679,"date":"2025-04-10T14:17:21","date_gmt":"2025-04-10T14:17:21","guid":{"rendered":"https:\/\/cotes-orbe.ch\/?page_id=679"},"modified":"2025-04-19T08:09:37","modified_gmt":"2025-04-19T08:09:37","slug":"domaine-bernard-gauthey","status":"publish","type":"page","link":"https:\/\/cotes-orbe.ch\/de\/domaine-bernard-gauthey\/","title":{"rendered":"Nachlass von Bernard Gauthey"},"content":{"rendered":"<div data-elementor-type=\"wp-page\" data-elementor-id=\"679\" class=\"elementor elementor-679\" data-elementor-post-type=\"page\">\n\t\t\t\t<div class=\"elementor-element elementor-element-360ccb2 e-con-full e-flex e-con e-parent\" data-id=\"360ccb2\" data-element_type=\"container\" data-e-type=\"container\" data-settings=\"{&quot;background_background&quot;:&quot;classic&quot;,&quot;shape_divider_bottom&quot;:&quot;waves&quot;,&quot;ekit_has_onepagescroll_dot&quot;:&quot;yes&quot;}\">\n\t\t\t\t<div class=\"elementor-shape elementor-shape-bottom\" aria-hidden=\"true\" data-negative=\"false\">\n\t\t\t<svg xmlns=\"http:\/\/www.w3.org\/2000\/svg\" viewbox=\"0 0 1000 100\" preserveaspectratio=\"none\">\n\t<path class=\"elementor-shape-fill\" d=\"M421.9,6.5c22.6-2.5,51.5,0.4,75.5,5.3c23.6,4.9,70.9,23.5,100.5,35.7c75.8,32.2,133.7,44.5,192.6,49.7\tc23.6,2.1,48.7,3.5,103.4-2.5c54.7-6,106.2-25.6,106.2-25.6V0H0v30.3c0,0,72,32.6,158.4,30.5c39.2-0.7,92.8-6.7,134-22.4\tc21.2-8.1,52.2-18.2,79.7-24.2C399.3,7.9,411.6,7.5,421.9,6.5z\"\/>\n<\/svg>\t\t<\/div>\n\t\t\t\t<div class=\"elementor-element elementor-element-28a89bf elementor-widget elementor-widget-heading\" data-id=\"28a89bf\" data-element_type=\"widget\" data-e-type=\"widget\" data-settings=\"{&quot;ekit_we_effect_on&quot;:&quot;none&quot;}\" data-widget_type=\"heading.default\">\n\t\t\t\t<div class=\"elementor-widget-container\">\n\t\t\t\t\t<h1 class=\"elementor-heading-title elementor-size-default\">Anwesen von Bernard Gauthey<\/h1>\t\t\t\t<\/div>\n\t\t\t\t<\/div>\n\t\t\t\t<\/div>\n\t\t<div class=\"elementor-element elementor-element-515d380 e-flex e-con-boxed e-con e-parent\" data-id=\"515d380\" data-element_type=\"container\" data-e-type=\"container\" data-settings=\"{&quot;background_background&quot;:&quot;classic&quot;,&quot;ekit_has_onepagescroll_dot&quot;:&quot;yes&quot;}\">\n\t\t\t\t\t<div class=\"e-con-inner\">\n\t\t\t\t<div class=\"elementor-element elementor-element-42b215e elementor-widget elementor-widget-text-editor\" data-id=\"42b215e\" data-element_type=\"widget\" data-e-type=\"widget\" data-settings=\"{&quot;ekit_we_effect_on&quot;:&quot;none&quot;}\" data-widget_type=\"text-editor.default\">\n\t\t\t\t<div class=\"elementor-widget-container\">\n\t\t\t\t\t\t\t\t\t<p>Das Gut wird im \u00f6kologischen Landbau bewirtschaftet.<\/p><p>Familienbesitz von 3 ha, bestehend aus 1\/3 wei\u00dfen Rebsorten und 2\/3 roten Rebsorten.<\/p><p>Winzer-Winzer seit 1996, die Produktion wird auf dem Weingut vinifiziert und abgef\u00fcllt.<\/p><p>Wir begr\u00fc\u00dfen Gruppen von bis zu 50 Personen in unserem Verkostungsraum, um unsere Auswahl von einem Dutzend Weinen zu entdecken.<\/p>\t\t\t\t\t\t\t\t<\/div>\n\t\t\t\t<\/div>\n\t\t\t\t\t<\/div>\n\t\t\t\t<\/div>\n\t\t<div class=\"elementor-element elementor-element-2dfc654 e-flex e-con-boxed e-con e-parent\" data-id=\"2dfc654\" data-element_type=\"container\" data-e-type=\"container\" data-settings=\"{&quot;ekit_has_onepagescroll_dot&quot;:&quot;yes&quot;}\">\n\t\t\t\t\t<div class=\"e-con-inner\">\n\t\t<div class=\"elementor-element elementor-element-98dfe23 e-con-full e-flex e-con e-child\" data-id=\"98dfe23\" data-element_type=\"container\" data-e-type=\"container\" data-settings=\"{&quot;ekit_has_onepagescroll_dot&quot;:&quot;yes&quot;}\">\n\t\t\t\t<div class=\"elementor-element elementor-element-8b69352 elementor-widget elementor-widget-image\" data-id=\"8b69352\" data-element_type=\"widget\" data-e-type=\"widget\" data-settings=\"{&quot;ekit_we_effect_on&quot;:&quot;none&quot;}\" data-widget_type=\"image.default\">\n\t\t\t\t<div class=\"elementor-widget-container\">\n\t\t\t\t\t\t\t\t\t\t\t\t\t\t\t<img fetchpriority=\"high\" decoding=\"async\" width=\"649\" height=\"433\" src=\"https:\/\/cotes-orbe.ch\/wp-content\/uploads\/2025\/04\/Portraits-Gauthey-Bernard-Arnex.jpg\" class=\"attachment-large size-large wp-image-684\" alt=\"\" srcset=\"https:\/\/cotes-orbe.ch\/wp-content\/uploads\/2025\/04\/Portraits-Gauthey-Bernard-Arnex.jpg 649w, https:\/\/cotes-orbe.ch\/wp-content\/uploads\/2025\/04\/Portraits-Gauthey-Bernard-Arnex-300x200.jpg 300w\" sizes=\"(max-width: 649px) 100vw, 649px\" \/>\t\t\t\t\t\t\t\t\t\t\t\t\t\t\t<\/div>\n\t\t\t\t<\/div>\n\t\t\t\t<div class=\"elementor-element elementor-element-5eeb9dc elementor-widget elementor-widget-heading\" data-id=\"5eeb9dc\" data-element_type=\"widget\" data-e-type=\"widget\" data-settings=\"{&quot;ekit_we_effect_on&quot;:&quot;none&quot;}\" data-widget_type=\"heading.default\">\n\t\t\t\t<div class=\"elementor-widget-container\">\n\t\t\t\t\t<h2 class=\"elementor-heading-title elementor-size-default\">Bernard Gauthey<\/h2>\t\t\t\t<\/div>\n\t\t\t\t<\/div>\n\t\t\t\t<div class=\"elementor-element elementor-element-d3ba650 elementor-widget elementor-widget-heading\" data-id=\"d3ba650\" data-element_type=\"widget\" data-e-type=\"widget\" data-settings=\"{&quot;ekit_we_effect_on&quot;:&quot;none&quot;}\" data-widget_type=\"heading.default\">\n\t\t\t\t<div class=\"elementor-widget-container\">\n\t\t\t\t\t<p class=\"elementor-heading-title elementor-size-default\">Winzer und Kellermeister<\/p>\t\t\t\t<\/div>\n\t\t\t\t<\/div>\n\t\t\t\t<div class=\"elementor-element elementor-element-75e300c elementor-widget elementor-widget-image\" data-id=\"75e300c\" data-element_type=\"widget\" data-e-type=\"widget\" data-settings=\"{&quot;ekit_we_effect_on&quot;:&quot;none&quot;}\" data-widget_type=\"image.default\">\n\t\t\t\t<div class=\"elementor-widget-container\">\n\t\t\t\t\t\t\t\t\t\t\t\t\t\t\t<img decoding=\"async\" width=\"500\" height=\"331\" src=\"https:\/\/cotes-orbe.ch\/wp-content\/uploads\/2025\/04\/arnex-b-gauthey-caveau.jpg\" class=\"attachment-large size-large wp-image-681\" alt=\"\" srcset=\"https:\/\/cotes-orbe.ch\/wp-content\/uploads\/2025\/04\/arnex-b-gauthey-caveau.jpg 500w, https:\/\/cotes-orbe.ch\/wp-content\/uploads\/2025\/04\/arnex-b-gauthey-caveau-300x199.jpg 300w\" sizes=\"(max-width: 500px) 100vw, 500px\" \/>\t\t\t\t\t\t\t\t\t\t\t\t\t\t\t<\/div>\n\t\t\t\t<\/div>\n\t\t\t\t<div class=\"elementor-element elementor-element-5421e4f elementor-widget elementor-widget-heading\" data-id=\"5421e4f\" data-element_type=\"widget\" data-e-type=\"widget\" data-settings=\"{&quot;ekit_we_effect_on&quot;:&quot;none&quot;}\" data-widget_type=\"heading.default\">\n\t\t\t\t<div class=\"elementor-widget-container\">\n\t\t\t\t\t<h5 class=\"elementor-heading-title elementor-size-default\">Gew\u00f6lbe<\/h5>\t\t\t\t<\/div>\n\t\t\t\t<\/div>\n\t\t\t\t<div class=\"elementor-element elementor-element-3acf9f1 elementor-widget elementor-widget-text-editor\" data-id=\"3acf9f1\" data-element_type=\"widget\" data-e-type=\"widget\" data-settings=\"{&quot;ekit_we_effect_on&quot;:&quot;none&quot;}\" data-widget_type=\"text-editor.default\">\n\t\t\t\t<div class=\"elementor-widget-container\">\n\t\t\t\t\t\t\t\t\t<p>50 Pl\u00e4tze verf\u00fcgbar<\/p>\t\t\t\t\t\t\t\t<\/div>\n\t\t\t\t<\/div>\n\t\t\t\t<div class=\"elementor-element elementor-element-70a4c87 elementor-widget elementor-widget-heading\" data-id=\"70a4c87\" data-element_type=\"widget\" data-e-type=\"widget\" data-settings=\"{&quot;ekit_we_effect_on&quot;:&quot;none&quot;}\" data-widget_type=\"heading.default\">\n\t\t\t\t<div class=\"elementor-widget-container\">\n\t\t\t\t\t<h6 class=\"elementor-heading-title elementor-size-default\">\u00d6ffnungszeiten<\/h6>\t\t\t\t<\/div>\n\t\t\t\t<\/div>\n\t\t\t\t<div class=\"elementor-element elementor-element-13fa1b2 elementor-widget elementor-widget-text-editor\" data-id=\"13fa1b2\" data-element_type=\"widget\" data-e-type=\"widget\" data-settings=\"{&quot;ekit_we_effect_on&quot;:&quot;none&quot;}\" data-widget_type=\"text-editor.default\">\n\t\t\t\t<div class=\"elementor-widget-container\">\n\t\t\t\t\t\t\t\t\t<p>Samstag von 10:00 bis 12:00 Uhr oder nach Vereinbarung<\/p>\t\t\t\t\t\t\t\t<\/div>\n\t\t\t\t<\/div>\n\t\t\t\t<\/div>\n\t\t<div class=\"elementor-element elementor-element-2a7e0a9 e-con-full e-flex e-con e-child\" data-id=\"2a7e0a9\" data-element_type=\"container\" data-e-type=\"container\" data-settings=\"{&quot;ekit_has_onepagescroll_dot&quot;:&quot;yes&quot;}\">\n\t\t\t\t<div class=\"elementor-element elementor-element-2b0471a elementor-widget elementor-widget-image\" data-id=\"2b0471a\" data-element_type=\"widget\" data-e-type=\"widget\" data-settings=\"{&quot;ekit_we_effect_on&quot;:&quot;none&quot;}\" data-widget_type=\"image.default\">\n\t\t\t\t<div class=\"elementor-widget-container\">\n\t\t\t\t\t\t\t\t\t\t\t\t\t\t\t<img decoding=\"async\" width=\"88\" height=\"360\" src=\"https:\/\/cotes-orbe.ch\/wp-content\/uploads\/2025\/04\/bernard_gauthey.png\" class=\"attachment-large size-large wp-image-683\" alt=\"\" srcset=\"https:\/\/cotes-orbe.ch\/wp-content\/uploads\/2025\/04\/bernard_gauthey.png 88w, https:\/\/cotes-orbe.ch\/wp-content\/uploads\/2025\/04\/bernard_gauthey-73x300.png 73w\" sizes=\"(max-width: 88px) 100vw, 88px\" \/>\t\t\t\t\t\t\t\t\t\t\t\t\t\t\t<\/div>\n\t\t\t\t<\/div>\n\t\t\t\t<div class=\"elementor-element elementor-element-0a2ab61 elementor-widget elementor-widget-heading\" data-id=\"0a2ab61\" data-element_type=\"widget\" data-e-type=\"widget\" data-settings=\"{&quot;ekit_we_effect_on&quot;:&quot;none&quot;}\" data-widget_type=\"heading.default\">\n\t\t\t\t<div class=\"elementor-widget-container\">\n\t\t\t\t\t<h3 class=\"elementor-heading-title elementor-size-default\">kultivierte Rebsorten<\/h3>\t\t\t\t<\/div>\n\t\t\t\t<\/div>\n\t\t\t\t<div class=\"elementor-element elementor-element-15828c6 elementor-widget elementor-widget-heading\" data-id=\"15828c6\" data-element_type=\"widget\" data-e-type=\"widget\" data-settings=\"{&quot;ekit_we_effect_on&quot;:&quot;none&quot;}\" data-widget_type=\"heading.default\">\n\t\t\t\t<div class=\"elementor-widget-container\">\n\t\t\t\t\t<p class=\"elementor-heading-title elementor-size-default\">Chasselas \u2013 Chardonnay \u2013 Gamay \u2013 Pinot Noir \u2013 Gamaret \u2013 Garanoir \u2013 Mara \u2013 Merlot<\/p>\t\t\t\t<\/div>\n\t\t\t\t<\/div>\n\t\t\t\t<div class=\"elementor-element elementor-element-daf5a8f elementor-widget elementor-widget-heading\" data-id=\"daf5a8f\" data-element_type=\"widget\" data-e-type=\"widget\" data-settings=\"{&quot;ekit_we_effect_on&quot;:&quot;none&quot;}\" data-widget_type=\"heading.default\">\n\t\t\t\t<div class=\"elementor-widget-container\">\n\t\t\t\t\t<h4 class=\"elementor-heading-title elementor-size-default\">Weine angeboten<\/h4>\t\t\t\t<\/div>\n\t\t\t\t<\/div>\n\t\t\t\t<div class=\"elementor-element elementor-element-bff4186 elementor-widget elementor-widget-text-editor\" data-id=\"bff4186\" data-element_type=\"widget\" data-e-type=\"widget\" data-settings=\"{&quot;ekit_we_effect_on&quot;:&quot;none&quot;}\" data-widget_type=\"text-editor.default\">\n\t\t\t\t<div class=\"elementor-widget-container\">\n\t\t\t\t\t\t\t\t\t<p>Chasselas<br \/>Chardonnay<br \/>Wei\u00df von Schwarz<br \/>Petite Gourmande (Chasselas-Chardonnay-Rosine)<br \/>Gamay Ros\u00e9<br \/>Gamay<br \/>Sp\u00e4tburgunder<br \/>Gamaret<br \/>Gamaret-Fass<br \/>Merlot-Gamaret<br \/>Edle Rebsorten (Cuv\u00e9e)<\/p>\t\t\t\t\t\t\t\t<\/div>\n\t\t\t\t<\/div>\n\t\t\t\t<\/div>\n\t\t\t\t\t<\/div>\n\t\t\t\t<\/div>\n\t\t<div class=\"elementor-element elementor-element-275b1c1 e-flex e-con-boxed e-con e-parent\" data-id=\"275b1c1\" data-element_type=\"container\" data-e-type=\"container\" data-settings=\"{&quot;ekit_has_onepagescroll_dot&quot;:&quot;yes&quot;}\">\n\t\t\t\t\t<div class=\"e-con-inner\">\n\t\t\t\t<div class=\"elementor-element elementor-element-212bc28 elementor-widget elementor-widget-text-editor\" data-id=\"212bc28\" data-element_type=\"widget\" data-e-type=\"widget\" data-settings=\"{&quot;ekit_we_effect_on&quot;:&quot;none&quot;}\" data-widget_type=\"text-editor.default\">\n\t\t\t\t<div class=\"elementor-widget-container\">\n\t\t\t\t\t\t\t\t\t<p>Stra\u00dfe: Tithe Alley 2<br \/>NPA, Ort: 1321 Arnex-sur-Orbe<\/p><p><br \/>Telefon: 024 441 12 11<br \/>Fax: 024 441 12 11<br \/>Handy: 079 463 68 63<br \/>E-Mail:\u00a0<a href=\"mailto:bgauthey@bluewin.ch\">bgauthey@bluewin.ch <\/a><\/p><p>Webseite:\u00a0<a href=\"https:\/\/cave-bernard-gauthey.ch\/\" target=\"_blank\" rel=\"noopener\">https:\/\/cave-bernard-gauthey.ch\/<\/a>\u00a0<\/p>\t\t\t\t\t\t\t\t<\/div>\n\t\t\t\t<\/div>\n\t\t\t\t<div class=\"elementor-element elementor-element-838c4ba elementor-widget elementor-widget-google_maps\" data-id=\"838c4ba\" data-element_type=\"widget\" data-e-type=\"widget\" data-settings=\"{&quot;ekit_we_effect_on&quot;:&quot;none&quot;}\" data-widget_type=\"google_maps.default\">\n\t\t\t\t<div class=\"elementor-widget-container\">\n\t\t\t\t\t\t\t<div class=\"elementor-custom-embed\">\n\t\t\t<iframe loading=\"lazy\"\n\t\t\t\t\tsrc=\"https:\/\/maps.google.com\/maps?q=cave%20bernard%20gauthey&#038;t=m&#038;z=15&#038;output=embed&#038;iwloc=near\"\n\t\t\t\t\ttitle=\"Weinkeller Bernard Gauthey\"\n\t\t\t\t\taria-label=\"Weinkeller Bernard Gauthey\"\n\t\t\t><\/iframe>\n\t\t<\/div>\n\t\t\t\t\t\t<\/div>\n\t\t\t\t<\/div>\n\t\t\t\t\t<\/div>\n\t\t\t\t<\/div>\n\t\t\t\t<\/div>","protected":false},"excerpt":{"rendered":"<p>domaine bernard gauthey Domaine conduit en production biologique. Domaine famililal de\u00a03 ha compos\u00e9 de 1\/3 de c\u00e9pages blancs et 2\/3 de c\u00e9pages rouges. Vigneron-Encaveur depuis 1996, la production est vinifi\u00e9e et mise en bouteilles au domaine. Nous accueillons dans notre caveau de d\u00e9gustation des groupes jusqu&rsquo;\u00e0 50 personnes pour d\u00e9couvrir notre assortiment d&rsquo;une douzaine de [&hellip;]<\/p>\n","protected":false},"author":1,"featured_media":0,"parent":0,"menu_order":0,"comment_status":"closed","ping_status":"closed","template":"elementor_header_footer","meta":{"footnotes":""},"class_list":["post-679","page","type-page","status-publish","hentry"],"_links":{"self":[{"href":"https:\/\/cotes-orbe.ch\/de\/wp-json\/wp\/v2\/pages\/679","targetHints":{"allow":["GET"]}}],"collection":[{"href":"https:\/\/cotes-orbe.ch\/de\/wp-json\/wp\/v2\/pages"}],"about":[{"href":"https:\/\/cotes-orbe.ch\/de\/wp-json\/wp\/v2\/types\/page"}],"author":[{"embeddable":true,"href":"https:\/\/cotes-orbe.ch\/de\/wp-json\/wp\/v2\/users\/1"}],"replies":[{"embeddable":true,"href":"https:\/\/cotes-orbe.ch\/de\/wp-json\/wp\/v2\/comments?post=679"}],"version-history":[{"count":7,"href":"https:\/\/cotes-orbe.ch\/de\/wp-json\/wp\/v2\/pages\/679\/revisions"}],"predecessor-version":[{"id":926,"href":"https:\/\/cotes-orbe.ch\/de\/wp-json\/wp\/v2\/pages\/679\/revisions\/926"}],"wp:attachment":[{"href":"https:\/\/cotes-orbe.ch\/de\/wp-json\/wp\/v2\/media?parent=679"}],"curies":[{"name":"wp","href":"https:\/\/api.w.org\/{rel}","templated":true}]}}